{"id":1177,"date":"2016-11-24T18:09:31","date_gmt":"2016-11-24T18:09:31","guid":{"rendered":"http:\/\/iptresd.com\/hotelcalina\/actividades\/"},"modified":"2026-03-10T19:23:31","modified_gmt":"2026-03-10T19:23:31","slug":"activitats","status":"publish","type":"page","link":"https:\/\/www.hotelcalina.com\/ca\/activitats\/","title":{"rendered":"Activitats"},"content":{"rendered":"<p>[vc_row row_padding_top=&#8221;padding_top_1-4&#8243;][vc_column width=&#8221;1\/2&#8243;]<div class=\"heading_group_sc wpb_content_element subtitle_top    text-left\">\r\n\r\n        <span class=\"subtitle\">al mar<\/span>\r\n\r\n    <h3>Atraccions Tur\u00edstiques<\/h3>\n\r\n\r\n\r\n<\/div>[vc_column_text]Com a activitats m\u00e9s importants destaquem les passejades amb barques t\u00edpiques de la regi\u00f3 pel Cap de Creus, el senderisme, les passejades amb caiac i la visita de l&#8217;illa de Port-Lligat per gaudir de meravelloses cales.[\/vc_column_text][vc_row_inner][vc_column_inner width=&#8221;1\/2&#8243;]<!-- ========================== TEASER BOX ==========================-->\r\n\r\n<div class=\"teaser_box wpb_content_element  vertical text-left      with_image \">\r\n\r\n  <div class=\"figure with_image transparent \">\r\n\r\n\r\n\r\n        \r\n        \r\n        \r\n         <img decoding=\"async\" src=\"https:\/\/www.hotelcalina.com\/wp-content\/uploads\/2018\/01\/kayak.png\" alt=\"KAYAK\">   \r\n\r\n        \r\n\r\n\r\n  <\/div>\r\n\r\n\r\n  <div class=\"content \">\r\n    \r\n    <div class=\"hgroup textify_links\"><h4>KAYAK<\/h4><\/div>\r\n\r\n     <div class=\"desc\"><p>Passejades amb kayac<\/p><\/div> \r\n\r\n  <\/div>\r\n\r\n<\/div>\r\n\r\n<!-- END======================= TEASER BOX ==========================-->[\/vc_column_inner][vc_column_inner width=&#8221;1\/2&#8243;]<!-- ========================== TEASER BOX ==========================-->\r\n\r\n<div class=\"teaser_box wpb_content_element  vertical text-left      with_image \">\r\n\r\n  <div class=\"figure with_image transparent \">\r\n\r\n\r\n\r\n        \r\n        \r\n        \r\n         <img decoding=\"async\" src=\"https:\/\/www.hotelcalina.com\/wp-content\/uploads\/2018\/01\/boat.png\" alt=\"VAIXELL\">   \r\n\r\n        \r\n\r\n\r\n  <\/div>\r\n\r\n\r\n  <div class=\"content \">\r\n    \r\n    <div class=\"hgroup textify_links\"><h4>VAIXELL<\/h4><\/div>\r\n\r\n     <div class=\"desc\"><p>Passejades amb vaixell<\/p><\/div> \r\n\r\n  <\/div>\r\n\r\n<\/div>\r\n\r\n<!-- END======================= TEASER BOX ==========================-->[\/vc_column_inner][\/vc_row_inner][vc_row_inner][vc_column_inner width=&#8221;1\/2&#8243;]<!-- ========================== TEASER BOX ==========================-->\r\n\r\n<div class=\"teaser_box wpb_content_element  vertical text-left      with_image \">\r\n\r\n  <div class=\"figure with_image transparent \">\r\n\r\n\r\n\r\n        \r\n        \r\n        \r\n         <img decoding=\"async\" src=\"https:\/\/www.hotelcalina.com\/wp-content\/uploads\/2018\/01\/hiker.png\" alt=\"SENDERISME\">   \r\n\r\n        \r\n\r\n\r\n  <\/div>\r\n\r\n\r\n  <div class=\"content \">\r\n    \r\n    <div class=\"hgroup textify_links\"><h4>SENDERISME<\/h4><\/div>\r\n\r\n     <div class=\"desc\"><p>Caminades per Cap de Creus<\/p><\/div> \r\n\r\n  <\/div>\r\n\r\n<\/div>\r\n\r\n<!-- END======================= TEASER BOX ==========================-->[\/vc_column_inner][vc_column_inner width=&#8221;1\/2&#8243;]<!-- ========================== TEASER BOX ==========================-->\r\n\r\n<div class=\"teaser_box wpb_content_element  vertical text-left      with_image \">\r\n\r\n  <div class=\"figure with_image  \">\r\n\r\n\r\n\r\n        \r\n        \r\n        \r\n         <img decoding=\"async\" src=\"https:\/\/www.hotelcalina.com\/wp-content\/uploads\/2018\/01\/sun-umbrella.png\" alt=\"PLATGES\">   \r\n\r\n        \r\n\r\n\r\n  <\/div>\r\n\r\n\r\n  <div class=\"content \">\r\n    \r\n    <div class=\"hgroup textify_links\"><h4>PLATGES<\/h4><\/div>\r\n\r\n     <div class=\"desc\"><p>Visita illa Port-Lligat<\/p><\/div> \r\n\r\n  <\/div>\r\n\r\n<\/div>\r\n\r\n<!-- END======================= TEASER BOX ==========================-->[\/vc_column_inner][\/vc_row_inner][\/vc_column][vc_column width=&#8221;1\/2&#8243;][vc_single_image image=&#8221;1954&#8243; img_size=&#8221;full&#8221; alignment=&#8221;center&#8221;][\/vc_column][\/vc_row][vc_row row_padding_top=&#8221;padding_top_none&#8221;][vc_column width=&#8221;1\/2&#8243;][vc_single_image image=&#8221;1957&#8243; img_size=&#8221;full&#8221; alignment=&#8221;center&#8221;][\/vc_column][vc_column width=&#8221;1\/2&#8243;]<div class=\"heading_group_sc wpb_content_element subtitle_top    text-left\">\r\n\r\n        <span class=\"subtitle\">Descobreix les<\/span>\r\n\r\n    <h3>Atraccions culturals<\/h3>\n\r\n\r\n\r\n<\/div>[vc_column_text]La <strong>casa estival de Salvador Dal\u00ed<\/strong>, convertida en <strong>museu<\/strong>. \u00c9s un dels llocs m\u00e9s visitats de Cadaqu\u00e9s.<\/p>\n<p><strong> L\u00b4Esgl\u00e9sia de Santa Maria<\/strong> \u00e9s l\u00b4esgl\u00e9sia parroquial de Cadaqu\u00e9s. Va ser constru\u00efda al segle XVII al centre de la poblaci\u00f3, al punt m\u00e9s alt del nucli antic.<\/p>\n<p>El <strong>Festival Internacional de M\u00fasica de Cadaqu\u00e9s<\/strong> \u00e9s un dels esdeveniments m\u00e9s importants i representatius de la poblaci\u00f3.<\/p>\n<p>El <strong>museu de Salvador Dal\u00ed<\/strong> a Figueres, a 37 km de Cadaqu\u00e9s, t\u00e9 una colossal exposici\u00f3 de les millors obres realitzades pel pintor al llarg de la seva carrera.[\/vc_column_text][vc_row_inner][vc_column_inner width=&#8221;1\/3&#8243;]<!-- ========================== TEASER BOX ==========================-->\r\n\r\n<div class=\"teaser_box wpb_content_element  vertical text-center      with_image \">\r\n\r\n  <div class=\"figure with_image  \">\r\n\r\n\r\n\r\n        \r\n        \r\n        \r\n         <img decoding=\"async\" src=\"https:\/\/www.hotelcalina.com\/wp-content\/uploads\/2018\/01\/museum.png\" alt=\"MUSEUS\">   \r\n\r\n        \r\n\r\n\r\n  <\/div>\r\n\r\n\r\n  <div class=\"content \">\r\n    \r\n    <div class=\"hgroup textify_links\"><h4>MUSEUS<\/h4><\/div>\r\n\r\n     <div class=\"desc\"><p>Museu Dal\u00ed<\/p><\/div> \r\n\r\n  <\/div>\r\n\r\n<\/div>\r\n\r\n<!-- END======================= TEASER BOX ==========================-->[\/vc_column_inner][vc_column_inner width=&#8221;1\/3&#8243;]<!-- ========================== TEASER BOX ==========================-->\r\n\r\n<div class=\"teaser_box wpb_content_element  vertical text-center      with_image \">\r\n\r\n  <div class=\"figure with_image  \">\r\n\r\n\r\n\r\n        \r\n        \r\n        \r\n         <img decoding=\"async\" src=\"https:\/\/www.hotelcalina.com\/wp-content\/uploads\/2018\/01\/church.png\" alt=\"ESGL\u00c9SIES\">   \r\n\r\n        \r\n\r\n\r\n  <\/div>\r\n\r\n\r\n  <div class=\"content \">\r\n    \r\n    <div class=\"hgroup textify_links\"><h4>ESGL\u00c9SIES<\/h4><\/div>\r\n\r\n     <div class=\"desc\"><p>Santa Mar\u00eda<\/p><\/div> \r\n\r\n  <\/div>\r\n\r\n<\/div>\r\n\r\n<!-- END======================= TEASER BOX ==========================-->[\/vc_column_inner][vc_column_inner width=&#8221;1\/3&#8243;]<!-- ========================== TEASER BOX ==========================-->\r\n\r\n<div class=\"teaser_box wpb_content_element  vertical text-center      with_image \">\r\n\r\n  <div class=\"figure with_image  \">\r\n\r\n\r\n\r\n        \r\n        \r\n        \r\n         <img decoding=\"async\" src=\"https:\/\/www.hotelcalina.com\/wp-content\/uploads\/2018\/01\/music-player.png\" alt=\"M\u00daSICA\">   \r\n\r\n        \r\n\r\n\r\n  <\/div>\r\n\r\n\r\n  <div class=\"content \">\r\n    \r\n    <div class=\"hgroup textify_links\"><h4>M\u00daSICA<\/h4><\/div>\r\n\r\n     <div class=\"desc\"><p>Festivals de M\u00fasica<\/p><\/div> \r\n\r\n  <\/div>\r\n\r\n<\/div>\r\n\r\n<!-- END======================= TEASER BOX ==========================-->[\/vc_column_inner][\/vc_row_inner][\/vc_column][\/vc_row]<\/p>\n","protected":false},"excerpt":{"rendered":"<p>[vc_row row_padding_top=&#8221;padding_top_1-4&#8243;][vc_column width=&#8221;1\/2&#8243;][vc_column_text]Com a activitats m\u00e9s importants destaquem les passejades amb barques t\u00edpiques de la regi\u00f3 pel Cap de Creus, el senderisme, les passejades amb caiac i la visita de l&#8217;illa de Port-Lligat per gaudir de meravelloses cales.[\/vc_column_text][vc_row_inner][vc_column_inner width=&#8221;1\/2&#8243;][\/vc_column_inner][vc_column_inner width=&#8221;1\/2&#8243;][\/vc_column_inner][\/vc_row_inner][vc_row_inner][vc_column_inner width=&#8221;1\/2&#8243;][\/vc_column_inner][vc_column_inner width=&#8221;1\/2&#8243;][\/vc_column_inner][\/vc_row_inner][\/vc_column][vc_column width=&#8221;1\/2&#8243;][vc_single_image image=&#8221;1954&#8243; img_size=&#8221;full&#8221; alignment=&#8221;center&#8221;][\/vc_column][\/vc_row][vc_row row_padding_top=&#8221;padding_top_none&#8221;][vc_column width=&#8221;1\/2&#8243;][vc_single_image image=&#8221;1957&#8243; img_size=&#8221;full&#8221; alignment=&#8221;center&#8221;][\/vc_column][vc_column width=&#8221;1\/2&#8243;][vc_column_text]La casa estival de [&hellip;]<\/p>\n","protected":false},"author":1,"featured_media":1936,"parent":0,"menu_order":0,"comment_status":"closed","ping_status":"closed","template":"","meta":{"footnotes":""},"class_list":["post-1177","page","type-page","status-publish","has-post-thumbnail","hentry"],"_links":{"self":[{"href":"https:\/\/www.hotelcalina.com\/ca\/wp-json\/wp\/v2\/pages\/1177","targetHints":{"allow":["GET"]}}],"collection":[{"href":"https:\/\/www.hotelcalina.com\/ca\/wp-json\/wp\/v2\/pages"}],"about":[{"href":"https:\/\/www.hotelcalina.com\/ca\/wp-json\/wp\/v2\/types\/page"}],"author":[{"embeddable":true,"href":"https:\/\/www.hotelcalina.com\/ca\/wp-json\/wp\/v2\/users\/1"}],"replies":[{"embeddable":true,"href":"https:\/\/www.hotelcalina.com\/ca\/wp-json\/wp\/v2\/comments?post=1177"}],"version-history":[{"count":13,"href":"https:\/\/www.hotelcalina.com\/ca\/wp-json\/wp\/v2\/pages\/1177\/revisions"}],"predecessor-version":[{"id":3989,"href":"https:\/\/www.hotelcalina.com\/ca\/wp-json\/wp\/v2\/pages\/1177\/revisions\/3989"}],"wp:featuredmedia":[{"embeddable":true,"href":"https:\/\/www.hotelcalina.com\/ca\/wp-json\/wp\/v2\/media\/1936"}],"wp:attachment":[{"href":"https:\/\/www.hotelcalina.com\/ca\/wp-json\/wp\/v2\/media?parent=1177"}],"curies":[{"name":"wp","href":"https:\/\/api.w.org\/{rel}","templated":true}]}}