{"id":1136,"date":"2016-11-24T18:08:55","date_gmt":"2016-11-24T18:08:55","guid":{"rendered":"http:\/\/iptresd.com\/hotelcalina\/habitaciones\/"},"modified":"2018-06-18T09:55:48","modified_gmt":"2018-06-18T09:55:48","slug":"habitacions","status":"publish","type":"page","link":"https:\/\/www.hotelcalina.com\/ca\/habitacions\/","title":{"rendered":"Habitacions"},"content":{"rendered":"<p>[vc_row][vc_column]<div class=\"ple_anypostloop_shortcode wpb_content_element  \"><div id=\"list_58469f451ced4\" class=\"rooms_list_classic_horizontal_wrapper \"> \t\r\n        <div class=\"rooms_list_item   habitaciones-ca optional   white_section\" >\r\n        <div class=\"flex\">\r\n                <div class=\"col-sm-6 col-sm-push-6 rooms_list_item_photo\" style=\"background-image: url('https:\/\/www.hotelcalina.com\/wp-content\/uploads\/2018\/06\/AerofilmHD_-_Hotel_Calina_-1301-1024x683.jpg')\"><\/div>\r\n                <div class=\"col-sm-6 col-sm-pull-6\">\r\n                <div class=\"rooms_list_item_content\">\r\n                        <h3 class=\"textify_links\"><a href=\"https:\/\/www.hotelcalina.com\/ca\/room\/junior-suite\/\" title=\"Junior Suite vista al mar\" target=\"_parent\" class=\"\">Junior Suite vista al mar<\/a><\/h3>\r\n                        \r\n                        <div class=\"room_listed_amenities\">\r\n                                <img decoding=\"async\" src=\"https:\/\/www.hotelcalina.com\/wp-content\/uploads\/2025\/11\/tv_icon.png\" data-toggle=\"tooltip\" data-placement=\"top\" class=\"amenities\" data-original-title=\"TV sat\u00e8l\u00b7lit pantalla plana\"\/> \r\n                                <i data-toggle=\"tooltip\" data-placement=\"top\" class=\"amenities\" data-original-title=\"TV sat\u00e8l\u00b7lit pantalla plana\"><\/i>                             \r\n                        <\/div>                       \r\n                        <p class=\"excerpt\">Junior Suite situada a la planta superior, amb balc\u00f3 privat equipat amb hamaques i agradables vistes a la piscina i al mar.<\/p>                        \r\n                        <a href=\"https:\/\/www.hotelcalina.com\/ca\/room\/junior-suite\/\" title=\"Junior Suite vista al mar\" target=\"_parent\" class=\"btn btn-link \">Read More<\/a>\r\n                <\/div>\r\n                <\/div>\r\n        <\/div>        \r\n        <\/div>\r\n        <div class=\"rooms_list_item   habitaciones-ca optional   white_section\" >\r\n        <div class=\"flex\">\r\n                <div class=\"col-sm-6 col-sm-push-6 rooms_list_item_photo\" style=\"background-image: url('https:\/\/www.hotelcalina.com\/wp-content\/uploads\/2016\/11\/Habitacion_Vista_mar3.jpg')\"><\/div>\r\n                <div class=\"col-sm-6 col-sm-pull-6\">\r\n                <div class=\"rooms_list_item_content\">\r\n                        <h3 class=\"textify_links\"><a href=\"https:\/\/www.hotelcalina.com\/ca\/room\/habitacio-vista-mar\/\" title=\"Habitaci\u00f3 Vista Mar\" target=\"_parent\" class=\"\">Habitaci\u00f3 Vista Mar<\/a><\/h3>\r\n                        \r\n                        <div class=\"room_listed_amenities\">\r\n                                <img decoding=\"async\" src=\"https:\/\/www.hotelcalina.com\/wp-content\/uploads\/2025\/11\/tv_icon.png\" data-toggle=\"tooltip\" data-placement=\"top\" class=\"amenities\" data-original-title=\"TV sat\u00e8l\u00b7lit pantalla plana\"\/> \r\n                                <i data-toggle=\"tooltip\" data-placement=\"top\" class=\"amenities\" data-original-title=\"TV sat\u00e8l\u00b7lit pantalla plana\"><\/i>                             \r\n                                <img decoding=\"async\" src=\"https:\/\/www.hotelcalina.com\/wp-content\/uploads\/2025\/11\/minibar_icon.png\" data-toggle=\"tooltip\" data-placement=\"top\" class=\"amenities\" data-original-title=\"Mini Bar\"\/> \r\n                                <i data-toggle=\"tooltip\" data-placement=\"top\" class=\"amenities\" data-original-title=\"Mini Bar\"><\/i>                             \r\n                                <img decoding=\"async\" src=\"https:\/\/www.hotelcalina.com\/wp-content\/uploads\/2025\/11\/amenities_icon.png\" data-toggle=\"tooltip\" data-placement=\"top\" class=\"amenities\" data-original-title=\"Amenities del bany\"\/> \r\n                                <i data-toggle=\"tooltip\" data-placement=\"top\" class=\"amenities\" data-original-title=\"Amenities del bany\"><\/i>                             \r\n                        <\/div>                       \r\n                        <p class=\"excerpt\">Habitaci\u00f3 doble amb balc\u00f3 i vistes al mar Mediterrani, situada a la planta superior de l\u2019hotel. Ideal per gaudir d\u2019una escapada tranquil\u00b7la en parella.<\/p>                        \r\n                        <a href=\"https:\/\/www.hotelcalina.com\/ca\/room\/habitacio-vista-mar\/\" title=\"Habitaci\u00f3 Vista Mar\" target=\"_parent\" class=\"btn btn-link \">Read More<\/a>\r\n                <\/div>\r\n                <\/div>\r\n        <\/div>        \r\n        <\/div>\r\n        <div class=\"rooms_list_item   habitaciones-ca optional   white_section\" >\r\n        <div class=\"flex\">\r\n                <div class=\"col-sm-6 col-sm-push-6 rooms_list_item_photo\" style=\"background-image: url('https:\/\/www.hotelcalina.com\/wp-content\/uploads\/2016\/11\/Habitacion_Vista_piscina1.jpg')\"><\/div>\r\n                <div class=\"col-sm-6 col-sm-pull-6\">\r\n                <div class=\"rooms_list_item_content\">\r\n                        <h3 class=\"textify_links\"><a href=\"https:\/\/www.hotelcalina.com\/ca\/room\/habitacio-vista-piscina\/\" title=\"Habitaci\u00f3 Vista Piscina\" target=\"_parent\" class=\"\">Habitaci\u00f3 Vista Piscina<\/a><\/h3>\r\n                        \r\n                        <div class=\"room_listed_amenities\">\r\n                                <img decoding=\"async\" src=\"https:\/\/www.hotelcalina.com\/wp-content\/uploads\/2025\/11\/tv_icon.png\" data-toggle=\"tooltip\" data-placement=\"top\" class=\"amenities\" data-original-title=\"TV sat\u00e8l\u00b7lit pantalla plana\"\/> \r\n                                <i data-toggle=\"tooltip\" data-placement=\"top\" class=\"amenities\" data-original-title=\"TV sat\u00e8l\u00b7lit pantalla plana\"><\/i>                             \r\n                                <img decoding=\"async\" src=\"https:\/\/www.hotelcalina.com\/wp-content\/uploads\/2025\/11\/minibar_icon.png\" data-toggle=\"tooltip\" data-placement=\"top\" class=\"amenities\" data-original-title=\"Mini Bar\"\/> \r\n                                <i data-toggle=\"tooltip\" data-placement=\"top\" class=\"amenities\" data-original-title=\"Mini Bar\"><\/i>                             \r\n                                <img decoding=\"async\" src=\"https:\/\/www.hotelcalina.com\/wp-content\/uploads\/2025\/11\/amenities_icon.png\" data-toggle=\"tooltip\" data-placement=\"top\" class=\"amenities\" data-original-title=\"Amenities del bany\"\/> \r\n                                <i data-toggle=\"tooltip\" data-placement=\"top\" class=\"amenities\" data-original-title=\"Amenities del bany\"><\/i>                             \r\n                        <\/div>                       \r\n                        <p class=\"excerpt\">Habitaci\u00f3 doble amb terrassa i vistes a la piscina, situada al nivell de la piscina. Ideal per gaudir d\u2019una estada c\u00f2moda i relaxada.<\/p>                        \r\n                        <a href=\"https:\/\/www.hotelcalina.com\/ca\/room\/habitacio-vista-piscina\/\" title=\"Habitaci\u00f3 Vista Piscina\" target=\"_parent\" class=\"btn btn-link \">Read More<\/a>\r\n                <\/div>\r\n                <\/div>\r\n        <\/div>        \r\n        <\/div>\r\n        <div class=\"rooms_list_item   habitaciones-ca optional   white_section\" >\r\n        <div class=\"flex\">\r\n                <div class=\"col-sm-6 col-sm-push-6 rooms_list_item_photo\" style=\"background-image: url('https:\/\/www.hotelcalina.com\/wp-content\/uploads\/2018\/06\/AerofilmHD_-_Hotel_Calina_-561-683x1024.jpg')\"><\/div>\r\n                <div class=\"col-sm-6 col-sm-pull-6\">\r\n                <div class=\"rooms_list_item_content\">\r\n                        <h3 class=\"textify_links\"><a href=\"https:\/\/www.hotelcalina.com\/ca\/room\/habitacion-lateral-mar\/\" title=\"Habitaci\u00f3 lateral mar.\" target=\"_parent\" class=\"\">Habitaci\u00f3 lateral mar.<\/a><\/h3>\r\n                        \r\n                        <div class=\"room_listed_amenities\">\r\n                                <img decoding=\"async\" src=\"https:\/\/www.hotelcalina.com\/wp-content\/uploads\/2025\/11\/tv_icon.png\" data-toggle=\"tooltip\" data-placement=\"top\" class=\"amenities\" data-original-title=\"TV sat\u00e8l\u00b7lit pantalla plana\"\/> \r\n                                <i data-toggle=\"tooltip\" data-placement=\"top\" class=\"amenities\" data-original-title=\"TV sat\u00e8l\u00b7lit pantalla plana\"><\/i>                             \r\n                                <img decoding=\"async\" src=\"https:\/\/www.hotelcalina.com\/wp-content\/uploads\/2025\/11\/minibar_icon.png\" data-toggle=\"tooltip\" data-placement=\"top\" class=\"amenities\" data-original-title=\"Mini Bar\"\/> \r\n                                <i data-toggle=\"tooltip\" data-placement=\"top\" class=\"amenities\" data-original-title=\"Mini Bar\"><\/i>                             \r\n                                <img decoding=\"async\" src=\"https:\/\/www.hotelcalina.com\/wp-content\/uploads\/2025\/11\/amenities_icon.png\" data-toggle=\"tooltip\" data-placement=\"top\" class=\"amenities\" data-original-title=\"Amenities del bany\"\/> \r\n                                <i data-toggle=\"tooltip\" data-placement=\"top\" class=\"amenities\" data-original-title=\"Amenities del bany\"><\/i>                             \r\n                        <\/div>                       \r\n                        <p class=\"excerpt\">Habitaci\u00f3 doble amb vista a la muntanya i orientaci\u00f3 lateral al mar, ideal per a dos adults o una fam\u00edlia amb un nen.<\/p>                        \r\n                        <a href=\"https:\/\/www.hotelcalina.com\/ca\/room\/habitacion-lateral-mar\/\" title=\"Habitaci\u00f3 lateral mar.\" target=\"_parent\" class=\"btn btn-link \">Read More<\/a>\r\n                <\/div>\r\n                <\/div>\r\n        <\/div>        \r\n        <\/div>\r\n        <div class=\"rooms_list_item   habitaciones-ca optional   white_section\" >\r\n        <div class=\"flex\">\r\n                <div class=\"col-sm-6 col-sm-push-6 rooms_list_item_photo\" style=\"background-image: url('https:\/\/www.hotelcalina.com\/wp-content\/uploads\/2018\/06\/AerofilmHD_-_Hotel_Calina_-1151-1024x684.jpg')\"><\/div>\r\n                <div class=\"col-sm-6 col-sm-pull-6\">\r\n                <div class=\"rooms_list_item_content\">\r\n                        <h3 class=\"textify_links\"><a href=\"https:\/\/www.hotelcalina.com\/ca\/room\/habitacio-vista-montana\/\" title=\"Habitaci\u00f3 Vista Muntanya\" target=\"_parent\" class=\"\">Habitaci\u00f3 Vista Muntanya<\/a><\/h3>\r\n                        \r\n                        <div class=\"room_listed_amenities\">\r\n                                <img decoding=\"async\" src=\"https:\/\/www.hotelcalina.com\/wp-content\/uploads\/2025\/11\/tv_icon.png\" data-toggle=\"tooltip\" data-placement=\"top\" class=\"amenities\" data-original-title=\"TV sat\u00e8l\u00b7lit pantalla plana\"\/> \r\n                                <i data-toggle=\"tooltip\" data-placement=\"top\" class=\"amenities\" data-original-title=\"TV sat\u00e8l\u00b7lit pantalla plana\"><\/i>                             \r\n                                <img decoding=\"async\" src=\"https:\/\/www.hotelcalina.com\/wp-content\/uploads\/2025\/11\/minibar_icon.png\" data-toggle=\"tooltip\" data-placement=\"top\" class=\"amenities\" data-original-title=\"Mini Bar\"\/> \r\n                                <i data-toggle=\"tooltip\" data-placement=\"top\" class=\"amenities\" data-original-title=\"Mini Bar\"><\/i>                             \r\n                                <img decoding=\"async\" src=\"https:\/\/www.hotelcalina.com\/wp-content\/uploads\/2025\/11\/amenities_icon.png\" data-toggle=\"tooltip\" data-placement=\"top\" class=\"amenities\" data-original-title=\"Amenities del bany\"\/> \r\n                                <i data-toggle=\"tooltip\" data-placement=\"top\" class=\"amenities\" data-original-title=\"Amenities del bany\"><\/i>                             \r\n                        <\/div>                       \r\n                        <p class=\"excerpt\">Petita habitaci\u00f3 amb balc\u00f3 orientat a la muntanya. Habitaci\u00f3 doble agradablement decorada amb aires mediterranis. Capacitat per a 2 persones.<\/p>                        \r\n                        <a href=\"https:\/\/www.hotelcalina.com\/ca\/room\/habitacio-vista-montana\/\" title=\"Habitaci\u00f3 Vista Muntanya\" target=\"_parent\" class=\"btn btn-link \">Read More<\/a>\r\n                <\/div>\r\n                <\/div>\r\n        <\/div>        \r\n        <\/div>\r\n        <div class=\"rooms_list_item   familiares-ca optional   white_section\" >\r\n        <div class=\"flex\">\r\n                <div class=\"col-sm-6 col-sm-push-6 rooms_list_item_photo\" style=\"background-image: url('https:\/\/www.hotelcalina.com\/wp-content\/uploads\/2016\/11\/Estudio_Lateral_Mar7.jpg')\"><\/div>\r\n                <div class=\"col-sm-6 col-sm-pull-6\">\r\n                <div class=\"rooms_list_item_content\">\r\n                        <h3 class=\"textify_links\"><a href=\"https:\/\/www.hotelcalina.com\/ca\/room\/estudi-vista-lateral\/\" title=\"Estudi Vista Lateral\" target=\"_parent\" class=\"\">Estudi Vista Lateral<\/a><\/h3>\r\n                        \r\n                        <div class=\"room_listed_amenities\">\r\n                                <img decoding=\"async\" src=\"https:\/\/www.hotelcalina.com\/wp-content\/uploads\/2025\/11\/tv_icon.png\" data-toggle=\"tooltip\" data-placement=\"top\" class=\"amenities\" data-original-title=\"TV sat\u00e8l\u00b7lit pantalla plana\"\/> \r\n                                <i data-toggle=\"tooltip\" data-placement=\"top\" class=\"amenities\" data-original-title=\"TV sat\u00e8l\u00b7lit pantalla plana\"><\/i>                             \r\n                                <img decoding=\"async\" src=\"https:\/\/www.hotelcalina.com\/wp-content\/uploads\/2025\/11\/amenities_icon.png\" data-toggle=\"tooltip\" data-placement=\"top\" class=\"amenities\" data-original-title=\"Amenities del bany\"\/> \r\n                                <i data-toggle=\"tooltip\" data-placement=\"top\" class=\"amenities\" data-original-title=\"Amenities del bany\"><\/i>                             \r\n                                <img decoding=\"async\" src=\"https:\/\/www.hotelcalina.com\/wp-content\/uploads\/2025\/11\/bath_icon-1.png\" data-toggle=\"tooltip\" data-placement=\"top\" class=\"amenities\" data-original-title=\"Banyera\"\/> \r\n                                <i data-toggle=\"tooltip\" data-placement=\"top\" class=\"amenities\" data-original-title=\"Banyera\"><\/i>                             \r\n                        <\/div>                       \r\n                        <p class=\"excerpt\">Tots els estudis estan situats a la planta baixa i disposen d\u2019un sol ambient (35 m\u00b2). Ideals per a fam\u00edlies!<\/p>                        \r\n                        <a href=\"https:\/\/www.hotelcalina.com\/ca\/room\/estudi-vista-lateral\/\" title=\"Estudi Vista Lateral\" target=\"_parent\" class=\"btn btn-link \">Read More<\/a>\r\n                <\/div>\r\n                <\/div>\r\n        <\/div>        \r\n        <\/div>\r\n        <div class=\"rooms_list_item   familiares-ca optional   white_section\" >\r\n        <div class=\"flex\">\r\n                <div class=\"col-sm-6 col-sm-push-6 rooms_list_item_photo\" style=\"background-image: url('https:\/\/www.hotelcalina.com\/wp-content\/uploads\/2020\/10\/SalonEst_Muntanya.jpg')\"><\/div>\r\n                <div class=\"col-sm-6 col-sm-pull-6\">\r\n                <div class=\"rooms_list_item_content\">\r\n                        <h3 class=\"textify_links\"><a href=\"https:\/\/www.hotelcalina.com\/ca\/room\/estudi-vista-muntanya\/\" title=\"Estudi Vista Muntanya\" target=\"_parent\" class=\"\">Estudi Vista Muntanya<\/a><\/h3>\r\n                        \r\n                        <div class=\"room_listed_amenities\">\r\n                                <img decoding=\"async\" src=\"https:\/\/www.hotelcalina.com\/wp-content\/uploads\/2025\/11\/tv_icon.png\" data-toggle=\"tooltip\" data-placement=\"top\" class=\"amenities\" data-original-title=\"TV sat\u00e8l\u00b7lit pantalla plana\"\/> \r\n                                <i data-toggle=\"tooltip\" data-placement=\"top\" class=\"amenities\" data-original-title=\"TV sat\u00e8l\u00b7lit pantalla plana\"><\/i>                             \r\n                                <img decoding=\"async\" src=\"https:\/\/www.hotelcalina.com\/wp-content\/uploads\/2025\/11\/amenities_icon.png\" data-toggle=\"tooltip\" data-placement=\"top\" class=\"amenities\" data-original-title=\"Amenities del bany\"\/> \r\n                                <i data-toggle=\"tooltip\" data-placement=\"top\" class=\"amenities\" data-original-title=\"Amenities del bany\"><\/i>                             \r\n                                <img decoding=\"async\" src=\"https:\/\/www.hotelcalina.com\/wp-content\/uploads\/2025\/11\/dryer_icon.png\" data-toggle=\"tooltip\" data-placement=\"top\" class=\"amenities\" data-original-title=\"Assecador\"\/> \r\n                                <i data-toggle=\"tooltip\" data-placement=\"top\" class=\"amenities\" data-original-title=\"Assecador\"><\/i>                             \r\n                        <\/div>                       \r\n                        <p class=\"excerpt\">Tots els estudis estan situats a la planta baixa i disposen d'un \u00fanic espai de 35 m\u00b2, oferint una estada c\u00f2moda i pr\u00e0ctica, ideal per a fam\u00edlies.<\/p>                        \r\n                        <a href=\"https:\/\/www.hotelcalina.com\/ca\/room\/estudi-vista-muntanya\/\" title=\"Estudi Vista Muntanya\" target=\"_parent\" class=\"btn btn-link \">Read More<\/a>\r\n                <\/div>\r\n                <\/div>\r\n        <\/div>        \r\n        <\/div>\r\n<\/div><\/div>[\/vc_column][\/vc_row]<\/p>\n","protected":false},"excerpt":{"rendered":"<p>[vc_row][vc_column][\/vc_column][\/vc_row]<\/p>\n","protected":false},"author":1,"featured_media":1936,"parent":0,"menu_order":0,"comment_status":"closed","ping_status":"closed","template":"","meta":{"footnotes":""},"class_list":["post-1136","page","type-page","status-publish","has-post-thumbnail","hentry"],"_links":{"self":[{"href":"https:\/\/www.hotelcalina.com\/ca\/wp-json\/wp\/v2\/pages\/1136","targetHints":{"allow":["GET"]}}],"collection":[{"href":"https:\/\/www.hotelcalina.com\/ca\/wp-json\/wp\/v2\/pages"}],"about":[{"href":"https:\/\/www.hotelcalina.com\/ca\/wp-json\/wp\/v2\/types\/page"}],"author":[{"embeddable":true,"href":"https:\/\/www.hotelcalina.com\/ca\/wp-json\/wp\/v2\/users\/1"}],"replies":[{"embeddable":true,"href":"https:\/\/www.hotelcalina.com\/ca\/wp-json\/wp\/v2\/comments?post=1136"}],"version-history":[{"count":2,"href":"https:\/\/www.hotelcalina.com\/ca\/wp-json\/wp\/v2\/pages\/1136\/revisions"}],"predecessor-version":[{"id":1444,"href":"https:\/\/www.hotelcalina.com\/ca\/wp-json\/wp\/v2\/pages\/1136\/revisions\/1444"}],"wp:featuredmedia":[{"embeddable":true,"href":"https:\/\/www.hotelcalina.com\/ca\/wp-json\/wp\/v2\/media\/1936"}],"wp:attachment":[{"href":"https:\/\/www.hotelcalina.com\/ca\/wp-json\/wp\/v2\/media?parent=1136"}],"curies":[{"name":"wp","href":"https:\/\/api.w.org\/{rel}","templated":true}]}}